{"id":2034,"date":"2021-01-18T13:28:08","date_gmt":"2021-01-18T12:28:08","guid":{"rendered":"https:\/\/conservatoriodanza.acceseo.dev\/blog\/"},"modified":"2021-04-01T10:26:16","modified_gmt":"2021-04-01T08:26:16","slug":"blog","status":"publish","type":"page","link":"https:\/\/www.conservatoridansaalcoi.com\/va\/blog\/","title":{"rendered":"Blog"},"content":{"rendered":"\t\t<div data-elementor-type=\"wp-page\" data-elementor-id=\"2034\" class=\"elementor elementor-2034 elementor-1995\" data-elementor-post-type=\"page\">\n\t\t\t\t\t\t<section class=\"elementor-section elementor-top-section elementor-element elementor-element-534b08e elementor-section-full_width elementor-section-height-default elementor-section-height-default\" data-id=\"534b08e\" data-element_type=\"section\" data-e-type=\"section\">\n\t\t\t\t\t\t<div class=\"elementor-container elementor-column-gap-default\">\n\t\t\t\t\t<div class=\"elementor-column elementor-col-100 elementor-top-column elementor-element elementor-element-488e02a\" data-id=\"488e02a\" data-element_type=\"column\" data-e-type=\"column\">\n\t\t\t<div class=\"elementor-widget-wrap elementor-element-populated\">\n\t\t\t\t\t\t<div class=\"elementor-element elementor-element-ee5bb3f postsHome elementor-grid-3 elementor-grid-tablet-2 elementor-grid-mobile-1 elementor-posts--thumbnail-top elementor-card-shadow-yes elementor-posts__hover-gradient elementor-invisible elementor-widget elementor-widget-posts\" data-id=\"ee5bb3f\" data-element_type=\"widget\" data-e-type=\"widget\" data-settings=\"{&quot;pagination_type&quot;:&quot;numbers_and_prev_next&quot;,&quot;_animation&quot;:&quot;fadeInUp&quot;,&quot;cards_columns&quot;:&quot;3&quot;,&quot;cards_columns_tablet&quot;:&quot;2&quot;,&quot;cards_columns_mobile&quot;:&quot;1&quot;,&quot;cards_row_gap&quot;:{&quot;unit&quot;:&quot;px&quot;,&quot;size&quot;:35,&quot;sizes&quot;:[]},&quot;cards_row_gap_tablet&quot;:{&quot;unit&quot;:&quot;px&quot;,&quot;size&quot;:&quot;&quot;,&quot;sizes&quot;:[]},&quot;cards_row_gap_mobile&quot;:{&quot;unit&quot;:&quot;px&quot;,&quot;size&quot;:&quot;&quot;,&quot;sizes&quot;:[]}}\" data-widget_type=\"posts.cards\">\n\t\t\t\t<div class=\"elementor-widget-container\">\n\t\t\t\t\t\t\t<div class=\"elementor-posts-container elementor-posts elementor-posts--skin-cards elementor-grid\" role=\"list\">\n\t\t\t\t<article class=\"elementor-post elementor-grid-item post-5147 post type-post status-publish format-standard has-post-thumbnail hentry category-noticies-destacades\" role=\"listitem\">\n\t\t\t<div class=\"elementor-post__card\">\n\t\t\t\t<a class=\"elementor-post__thumbnail__link\" href=\"https:\/\/www.conservatoridansaalcoi.com\/va\/xii-gala-acovifa\/\" tabindex=\"-1\" ><div class=\"elementor-post__thumbnail\"><img fetchpriority=\"high\" decoding=\"async\" width=\"212\" height=\"300\" src=\"https:\/\/www.conservatoridansaalcoi.com\/wp-content\/uploads\/2025\/01\/A3-Cartel-XII-Gala-1-212x300.jpg\" class=\"attachment-medium size-medium wp-image-5145\" alt=\"\" srcset=\"https:\/\/www.conservatoridansaalcoi.com\/wp-content\/uploads\/2025\/01\/A3-Cartel-XII-Gala-1-212x300.jpg 212w, https:\/\/www.conservatoridansaalcoi.com\/wp-content\/uploads\/2025\/01\/A3-Cartel-XII-Gala-1-724x1024.jpg 724w, https:\/\/www.conservatoridansaalcoi.com\/wp-content\/uploads\/2025\/01\/A3-Cartel-XII-Gala-1-768x1087.jpg 768w, https:\/\/www.conservatoridansaalcoi.com\/wp-content\/uploads\/2025\/01\/A3-Cartel-XII-Gala-1-1086x1536.jpg 1086w, https:\/\/www.conservatoridansaalcoi.com\/wp-content\/uploads\/2025\/01\/A3-Cartel-XII-Gala-1-1448x2048.jpg 1448w, https:\/\/www.conservatoridansaalcoi.com\/wp-content\/uploads\/2025\/01\/A3-Cartel-XII-Gala-1.jpg 1753w\" sizes=\"(max-width: 212px) 100vw, 212px\" \/><\/div><\/a>\n\t\t\t\t<div class=\"elementor-post__text\">\n\t\t\t\t<h3 class=\"elementor-post__title\">\n\t\t\t<a href=\"https:\/\/www.conservatoridansaalcoi.com\/va\/xii-gala-acovifa\/\" >\n\t\t\t\tXII GALA ACOVIFA\t\t\t<\/a>\n\t\t<\/h3>\n\t\t\t\t<div class=\"elementor-post__excerpt\">\n\t\t\t<p>XII GALA DE DANSA A BENEFICI D&#8217;ACOVIFA<\/p>\n\t\t<\/div>\n\t\t\n\t\t<a class=\"elementor-post__read-more\" href=\"https:\/\/www.conservatoridansaalcoi.com\/va\/xii-gala-acovifa\/\" aria-label=\"Read more about XII GALA ACOVIFA\" tabindex=\"-1\" >\n\t\t\tLeer m\u00e1s \u00bb\t\t<\/a>\n\n\t\t\t\t<\/div>\n\t\t\t\t\t<\/div>\n\t\t<\/article>\n\t\t\t\t<article class=\"elementor-post elementor-grid-item post-4792 post type-post status-publish format-standard has-post-thumbnail hentry category-noticies-destacades\" role=\"listitem\">\n\t\t\t<div class=\"elementor-post__card\">\n\t\t\t\t<a class=\"elementor-post__thumbnail__link\" href=\"https:\/\/www.conservatoridansaalcoi.com\/va\/setmana-cultural-2024-amb-maria-de-lolivar\/\" tabindex=\"-1\" ><div class=\"elementor-post__thumbnail\"><img decoding=\"async\" width=\"246\" height=\"300\" src=\"https:\/\/www.conservatoridansaalcoi.com\/wp-content\/uploads\/2024\/02\/Captura-de-pantalla-2024-02-19-a-las-17.01.38-1-246x300.png\" class=\"attachment-medium size-medium wp-image-4764\" alt=\"\" srcset=\"https:\/\/www.conservatoridansaalcoi.com\/wp-content\/uploads\/2024\/02\/Captura-de-pantalla-2024-02-19-a-las-17.01.38-1-246x300.png 246w, https:\/\/www.conservatoridansaalcoi.com\/wp-content\/uploads\/2024\/02\/Captura-de-pantalla-2024-02-19-a-las-17.01.38-1.png 634w\" sizes=\"(max-width: 246px) 100vw, 246px\" \/><\/div><\/a>\n\t\t\t\t<div class=\"elementor-post__text\">\n\t\t\t\t<h3 class=\"elementor-post__title\">\n\t\t\t<a href=\"https:\/\/www.conservatoridansaalcoi.com\/va\/setmana-cultural-2024-amb-maria-de-lolivar\/\" >\n\t\t\t\tSetmana Cultural 2024 amb Maria de l\u00b4Olivar\t\t\t<\/a>\n\t\t<\/h3>\n\t\t\t\t<div class=\"elementor-post__excerpt\">\n\t\t\t<p>Curs de Dansa Espanyola en el Conservatori de Dansa d&#8217;Alcoi.<br \/>\nCelebrem la setmana cultural des del dilluns 19 al divendres 23 de febrer.<\/p>\n\t\t<\/div>\n\t\t\n\t\t<a class=\"elementor-post__read-more\" href=\"https:\/\/www.conservatoridansaalcoi.com\/va\/setmana-cultural-2024-amb-maria-de-lolivar\/\" aria-label=\"Read more about Setmana Cultural 2024 amb Maria de l\u00b4Olivar\" tabindex=\"-1\" >\n\t\t\tLeer m\u00e1s \u00bb\t\t<\/a>\n\n\t\t\t\t<\/div>\n\t\t\t\t\t<\/div>\n\t\t<\/article>\n\t\t\t\t<article class=\"elementor-post elementor-grid-item post-4755 post type-post status-publish format-standard has-post-thumbnail hentry category-noticies-destacades\" role=\"listitem\">\n\t\t\t<div class=\"elementor-post__card\">\n\t\t\t\t<a class=\"elementor-post__thumbnail__link\" href=\"https:\/\/www.conservatoridansaalcoi.com\/va\/la-dansa-solidaria-en-la-xi-gala-acovifa\/\" tabindex=\"-1\" ><div class=\"elementor-post__thumbnail\"><img decoding=\"async\" width=\"217\" height=\"300\" src=\"https:\/\/www.conservatoridansaalcoi.com\/wp-content\/uploads\/2024\/02\/Captura-de-pantalla-2024-02-19-a-las-16.23.28-217x300.png\" class=\"attachment-medium size-medium wp-image-4753\" alt=\"\" srcset=\"https:\/\/www.conservatoridansaalcoi.com\/wp-content\/uploads\/2024\/02\/Captura-de-pantalla-2024-02-19-a-las-16.23.28-217x300.png 217w, https:\/\/www.conservatoridansaalcoi.com\/wp-content\/uploads\/2024\/02\/Captura-de-pantalla-2024-02-19-a-las-16.23.28.png 544w\" sizes=\"(max-width: 217px) 100vw, 217px\" \/><\/div><\/a>\n\t\t\t\t<div class=\"elementor-post__text\">\n\t\t\t\t<h3 class=\"elementor-post__title\">\n\t\t\t<a href=\"https:\/\/www.conservatoridansaalcoi.com\/va\/la-dansa-solidaria-en-la-xi-gala-acovifa\/\" >\n\t\t\t\tLa dansa solid\u00e0ria en la XI Gala Acovifa\t\t\t<\/a>\n\t\t<\/h3>\n\t\t\t\t<div class=\"elementor-post__excerpt\">\n\t\t\t\t\t<\/div>\n\t\t\n\t\t<a class=\"elementor-post__read-more\" href=\"https:\/\/www.conservatoridansaalcoi.com\/va\/la-dansa-solidaria-en-la-xi-gala-acovifa\/\" aria-label=\"Read more about La dansa solid\u00e0ria en la XI Gala Acovifa\" tabindex=\"-1\" >\n\t\t\tLeer m\u00e1s \u00bb\t\t<\/a>\n\n\t\t\t\t<\/div>\n\t\t\t\t\t<\/div>\n\t\t<\/article>\n\t\t\t\t<article class=\"elementor-post elementor-grid-item post-4672 post type-post status-publish format-standard hentry category-uncategorized-va\" role=\"listitem\">\n\t\t\t<div class=\"elementor-post__card\">\n\t\t\t\t<div class=\"elementor-post__text\">\n\t\t\t\t<h3 class=\"elementor-post__title\">\n\t\t\t<a href=\"https:\/\/www.conservatoridansaalcoi.com\/va\/gala-clausura-2023\/\" >\n\t\t\t\tGala Clausura 2023\t\t\t<\/a>\n\t\t<\/h3>\n\t\t\t\t<div class=\"elementor-post__excerpt\">\n\t\t\t<p>Invitacions en ticketalcoi i en la taquilla del Teatre Calder\u00f3n.<\/p>\n\t\t<\/div>\n\t\t\n\t\t<a class=\"elementor-post__read-more\" href=\"https:\/\/www.conservatoridansaalcoi.com\/va\/gala-clausura-2023\/\" aria-label=\"Read more about Gala Clausura 2023\" tabindex=\"-1\" >\n\t\t\tLeer m\u00e1s \u00bb\t\t<\/a>\n\n\t\t\t\t<\/div>\n\t\t\t\t\t<\/div>\n\t\t<\/article>\n\t\t\t\t<article class=\"elementor-post elementor-grid-item post-4649 post type-post status-publish format-standard hentry category-uncategorized-va\" role=\"listitem\">\n\t\t\t<div class=\"elementor-post__card\">\n\t\t\t\t<div class=\"elementor-post__text\">\n\t\t\t\t<h3 class=\"elementor-post__title\">\n\t\t\t<a href=\"https:\/\/www.conservatoridansaalcoi.com\/va\/calendari-inscripcions-y-matricules-curs-2023-24\/\" >\n\t\t\t\tCalendari d&#8217;inscripcions i matr\u00edcules curs 2023\/24\t\t\t<\/a>\n\t\t<\/h3>\n\t\t\t\t<div class=\"elementor-post__excerpt\">\n\t\t\t\t\t<\/div>\n\t\t\n\t\t<a class=\"elementor-post__read-more\" href=\"https:\/\/www.conservatoridansaalcoi.com\/va\/calendari-inscripcions-y-matricules-curs-2023-24\/\" aria-label=\"Read more about Calendari d&#8217;inscripcions i matr\u00edcules curs 2023\/24\" tabindex=\"-1\" >\n\t\t\tLeer m\u00e1s \u00bb\t\t<\/a>\n\n\t\t\t\t<\/div>\n\t\t\t\t\t<\/div>\n\t\t<\/article>\n\t\t\t\t<article class=\"elementor-post elementor-grid-item post-4556 post type-post status-publish format-standard has-post-thumbnail hentry category-noticies-destacades\" role=\"listitem\">\n\t\t\t<div class=\"elementor-post__card\">\n\t\t\t\t<a class=\"elementor-post__thumbnail__link\" href=\"https:\/\/www.conservatoridansaalcoi.com\/va\/premi-honorific-a-isaac-montllor\/\" tabindex=\"-1\" ><div class=\"elementor-post__thumbnail\"><img loading=\"lazy\" decoding=\"async\" width=\"300\" height=\"169\" src=\"https:\/\/www.conservatoridansaalcoi.com\/wp-content\/uploads\/2023\/01\/WhatsApp-Image-2023-01-13-at-16.51.27-300x169.jpeg\" class=\"attachment-medium size-medium wp-image-4552\" alt=\"\" srcset=\"https:\/\/www.conservatoridansaalcoi.com\/wp-content\/uploads\/2023\/01\/WhatsApp-Image-2023-01-13-at-16.51.27-300x169.jpeg 300w, https:\/\/www.conservatoridansaalcoi.com\/wp-content\/uploads\/2023\/01\/WhatsApp-Image-2023-01-13-at-16.51.27-768x432.jpeg 768w, https:\/\/www.conservatoridansaalcoi.com\/wp-content\/uploads\/2023\/01\/WhatsApp-Image-2023-01-13-at-16.51.27.jpeg 1024w\" sizes=\"(max-width: 300px) 100vw, 300px\" \/><\/div><\/a>\n\t\t\t\t<div class=\"elementor-post__text\">\n\t\t\t\t<h3 class=\"elementor-post__title\">\n\t\t\t<a href=\"https:\/\/www.conservatoridansaalcoi.com\/va\/premi-honorific-a-isaac-montllor\/\" >\n\t\t\t\tPremi Honor\u00edfic a Isaac Montllor\t\t\t<\/a>\n\t\t<\/h3>\n\t\t\t\t<div class=\"elementor-post__excerpt\">\n\t\t\t<p>La 1a edici\u00f3 de Premis de la Cultura Ciutat d&#8217;Alcoi, ha atorgat el Premi Honor\u00edfic a Isaac Montllor, ballar\u00ed reconegut a nivell mundial i exalumne<\/p>\n\t\t<\/div>\n\t\t\n\t\t<a class=\"elementor-post__read-more\" href=\"https:\/\/www.conservatoridansaalcoi.com\/va\/premi-honorific-a-isaac-montllor\/\" aria-label=\"Read more about Premi Honor\u00edfic a Isaac Montllor\" tabindex=\"-1\" >\n\t\t\tLeer m\u00e1s \u00bb\t\t<\/a>\n\n\t\t\t\t<\/div>\n\t\t\t\t\t<\/div>\n\t\t<\/article>\n\t\t\t\t<article class=\"elementor-post elementor-grid-item post-4512 post type-post status-publish format-standard has-post-thumbnail hentry category-noticies-destacades\" role=\"listitem\">\n\t\t\t<div class=\"elementor-post__card\">\n\t\t\t\t<a class=\"elementor-post__thumbnail__link\" href=\"https:\/\/www.conservatoridansaalcoi.com\/va\/actuacio-en-la-glorieta-del-9-doctubre\/\" tabindex=\"-1\" ><div class=\"elementor-post__thumbnail\"><img loading=\"lazy\" decoding=\"async\" width=\"300\" height=\"169\" src=\"https:\/\/www.conservatoridansaalcoi.com\/wp-content\/uploads\/2022\/10\/WhatsApp-Image-2022-10-14-at-16.59.25-300x169.jpeg\" class=\"attachment-medium size-medium wp-image-4486\" alt=\"\" srcset=\"https:\/\/www.conservatoridansaalcoi.com\/wp-content\/uploads\/2022\/10\/WhatsApp-Image-2022-10-14-at-16.59.25-300x169.jpeg 300w, https:\/\/www.conservatoridansaalcoi.com\/wp-content\/uploads\/2022\/10\/WhatsApp-Image-2022-10-14-at-16.59.25-768x432.jpeg 768w, https:\/\/www.conservatoridansaalcoi.com\/wp-content\/uploads\/2022\/10\/WhatsApp-Image-2022-10-14-at-16.59.25.jpeg 1024w\" sizes=\"(max-width: 300px) 100vw, 300px\" \/><\/div><\/a>\n\t\t\t\t<div class=\"elementor-post__text\">\n\t\t\t\t<h3 class=\"elementor-post__title\">\n\t\t\t<a href=\"https:\/\/www.conservatoridansaalcoi.com\/va\/actuacio-en-la-glorieta-del-9-doctubre\/\" >\n\t\t\t\tActuaci\u00f3 en La Glorieta del 9 d&#8217;Octubre\t\t\t<\/a>\n\t\t<\/h3>\n\t\t\t\t<div class=\"elementor-post__excerpt\">\n\t\t\t<p>Bravo xiques!!!<\/p>\n\t\t<\/div>\n\t\t\n\t\t<a class=\"elementor-post__read-more\" href=\"https:\/\/www.conservatoridansaalcoi.com\/va\/actuacio-en-la-glorieta-del-9-doctubre\/\" aria-label=\"Read more about Actuaci\u00f3 en La Glorieta del 9 d&#8217;Octubre\" tabindex=\"-1\" >\n\t\t\tLeer m\u00e1s \u00bb\t\t<\/a>\n\n\t\t\t\t<\/div>\n\t\t\t\t\t<\/div>\n\t\t<\/article>\n\t\t\t\t<article class=\"elementor-post elementor-grid-item post-4508 post type-post status-publish format-standard has-post-thumbnail hentry category-noticies-destacades\" role=\"listitem\">\n\t\t\t<div class=\"elementor-post__card\">\n\t\t\t\t<a class=\"elementor-post__thumbnail__link\" href=\"https:\/\/www.conservatoridansaalcoi.com\/va\/dansa-y-modernisme-2\/\" tabindex=\"-1\" ><div class=\"elementor-post__thumbnail\"><img loading=\"lazy\" decoding=\"async\" width=\"300\" height=\"201\" src=\"https:\/\/www.conservatoridansaalcoi.com\/wp-content\/uploads\/2022\/10\/WhatsApp-Image-2022-10-14-at-17.16.33-300x201.jpeg\" class=\"attachment-medium size-medium wp-image-4499\" alt=\"\" srcset=\"https:\/\/www.conservatoridansaalcoi.com\/wp-content\/uploads\/2022\/10\/WhatsApp-Image-2022-10-14-at-17.16.33-300x201.jpeg 300w, https:\/\/www.conservatoridansaalcoi.com\/wp-content\/uploads\/2022\/10\/WhatsApp-Image-2022-10-14-at-17.16.33-768x514.jpeg 768w, https:\/\/www.conservatoridansaalcoi.com\/wp-content\/uploads\/2022\/10\/WhatsApp-Image-2022-10-14-at-17.16.33.jpeg 1024w\" sizes=\"(max-width: 300px) 100vw, 300px\" \/><\/div><\/a>\n\t\t\t\t<div class=\"elementor-post__text\">\n\t\t\t\t<h3 class=\"elementor-post__title\">\n\t\t\t<a href=\"https:\/\/www.conservatoridansaalcoi.com\/va\/dansa-y-modernisme-2\/\" >\n\t\t\t\tDANSA Y MODERNISME\t\t\t<\/a>\n\t\t<\/h3>\n\t\t\t\t<div class=\"elementor-post__excerpt\">\n\t\t\t<p>Meravell\u00f3s cap de setmana amb la Dansa i el Modernisme!!!<\/p>\n\t\t<\/div>\n\t\t\n\t\t<a class=\"elementor-post__read-more\" href=\"https:\/\/www.conservatoridansaalcoi.com\/va\/dansa-y-modernisme-2\/\" aria-label=\"Read more about DANSA Y MODERNISME\" tabindex=\"-1\" >\n\t\t\tLeer m\u00e1s \u00bb\t\t<\/a>\n\n\t\t\t\t<\/div>\n\t\t\t\t\t<\/div>\n\t\t<\/article>\n\t\t\t\t<article class=\"elementor-post elementor-grid-item post-4506 post type-post status-publish format-standard has-post-thumbnail hentry category-noticies-destacades\" role=\"listitem\">\n\t\t\t<div class=\"elementor-post__card\">\n\t\t\t\t<a class=\"elementor-post__thumbnail__link\" href=\"https:\/\/www.conservatoridansaalcoi.com\/va\/dansa-i-modernisme\/\" tabindex=\"-1\" ><div class=\"elementor-post__thumbnail\"><img loading=\"lazy\" decoding=\"async\" width=\"300\" height=\"200\" src=\"https:\/\/www.conservatoridansaalcoi.com\/wp-content\/uploads\/2022\/10\/WhatsApp-Image-2022-10-14-at-16.45.17-300x200.jpeg\" class=\"attachment-medium size-medium wp-image-4481\" alt=\"\" srcset=\"https:\/\/www.conservatoridansaalcoi.com\/wp-content\/uploads\/2022\/10\/WhatsApp-Image-2022-10-14-at-16.45.17-300x200.jpeg 300w, https:\/\/www.conservatoridansaalcoi.com\/wp-content\/uploads\/2022\/10\/WhatsApp-Image-2022-10-14-at-16.45.17-768x512.jpeg 768w, https:\/\/www.conservatoridansaalcoi.com\/wp-content\/uploads\/2022\/10\/WhatsApp-Image-2022-10-14-at-16.45.17-391x260.jpeg 391w, https:\/\/www.conservatoridansaalcoi.com\/wp-content\/uploads\/2022\/10\/WhatsApp-Image-2022-10-14-at-16.45.17.jpeg 1024w\" sizes=\"(max-width: 300px) 100vw, 300px\" \/><\/div><\/a>\n\t\t\t\t<div class=\"elementor-post__text\">\n\t\t\t\t<h3 class=\"elementor-post__title\">\n\t\t\t<a href=\"https:\/\/www.conservatoridansaalcoi.com\/va\/dansa-i-modernisme\/\" >\n\t\t\t\tDANSA I MODERNISME\t\t\t<\/a>\n\t\t<\/h3>\n\t\t\t\t<div class=\"elementor-post__excerpt\">\n\t\t\t<p>Gr\u00e0cies a www.xaviterol.com per estes boniques fotos del modernisme.<\/p>\n\t\t<\/div>\n\t\t\n\t\t<a class=\"elementor-post__read-more\" href=\"https:\/\/www.conservatoridansaalcoi.com\/va\/dansa-i-modernisme\/\" aria-label=\"Read more about DANSA I MODERNISME\" tabindex=\"-1\" >\n\t\t\tLeer m\u00e1s \u00bb\t\t<\/a>\n\n\t\t\t\t<\/div>\n\t\t\t\t\t<\/div>\n\t\t<\/article>\n\t\t\t\t<\/div>\n\t\t\n\t\t\t\t<div class=\"e-load-more-anchor\" data-page=\"1\" data-max-page=\"3\" data-next-page=\"https:\/\/www.conservatoridansaalcoi.com\/va\/wp-json\/wp\/v2\/pages\/2034\/page\/2\/\"><\/div>\n\t\t\t\t<nav class=\"elementor-pagination\" aria-label=\"Pagination\">\n\t\t\t<span class=\"page-numbers prev\">Anterior<\/span>\n<span aria-current=\"page\" class=\"page-numbers current\"><span class=\"elementor-screen-only\">Page<\/span>1<\/span>\n<a class=\"page-numbers\" href=\"https:\/\/www.conservatoridansaalcoi.com\/va\/wp-json\/wp\/v2\/pages\/2034\/page\/2\/\"><span class=\"elementor-screen-only\">Page<\/span>2<\/a>\n<a class=\"page-numbers\" href=\"https:\/\/www.conservatoridansaalcoi.com\/va\/wp-json\/wp\/v2\/pages\/2034\/page\/3\/\"><span class=\"elementor-screen-only\">Page<\/span>3<\/a>\n<a class=\"page-numbers next\" href=\"https:\/\/www.conservatoridansaalcoi.com\/va\/wp-json\/wp\/v2\/pages\/2034\/page\/2\/\">Siguiente<\/a>\t\t<\/nav>\n\t\t\t\t\t\t<\/div>\n\t\t\t\t<\/div>\n\t\t\t\t\t<\/div>\n\t\t<\/div>\n\t\t\t\t\t<\/div>\n\t\t<\/section>\n\t\t\t\t<\/div>\n\t\t","protected":false},"excerpt":{"rendered":"","protected":false},"author":1,"featured_media":0,"parent":0,"menu_order":0,"comment_status":"closed","ping_status":"closed","template":"elementor_header_footer","meta":{"_acf_changed":false,"footnotes":""},"class_list":["post-2034","page","type-page","status-publish","hentry"],"acf":[],"yoast_head":"<!-- This site is optimized with the Yoast SEO plugin v27.3 - https:\/\/yoast.com\/product\/yoast-seo-wordpress\/ -->\n<title>Blog - Conservatorio de Danza<\/title>\n<meta name=\"robots\" content=\"index, follow, max-snippet:-1, max-image-preview:large, max-video-preview:-1\" \/>\n<link rel=\"canonical\" href=\"https:\/\/www.conservatoridansaalcoi.com\/va\/blog\/\" \/>\n<meta property=\"og:locale\" content=\"es_ES\" \/>\n<meta property=\"og:type\" content=\"article\" \/>\n<meta property=\"og:title\" content=\"Blog - Conservatorio de Danza\" \/>\n<meta property=\"og:url\" content=\"https:\/\/www.conservatoridansaalcoi.com\/va\/blog\/\" \/>\n<meta property=\"og:site_name\" content=\"Conservatorio de Danza\" \/>\n<meta property=\"article:modified_time\" content=\"2021-04-01T08:26:16+00:00\" \/>\n<meta name=\"twitter:card\" content=\"summary_large_image\" \/>\n<script type=\"application\/ld+json\" class=\"yoast-schema-graph\">{\"@context\":\"https:\\\/\\\/schema.org\",\"@graph\":[{\"@type\":\"WebPage\",\"@id\":\"https:\\\/\\\/www.conservatoridansaalcoi.com\\\/va\\\/blog\\\/\",\"url\":\"https:\\\/\\\/www.conservatoridansaalcoi.com\\\/va\\\/blog\\\/\",\"name\":\"Blog - Conservatorio de Danza\",\"isPartOf\":{\"@id\":\"https:\\\/\\\/www.conservatoridansaalcoi.com\\\/va\\\/#website\"},\"datePublished\":\"2021-01-18T12:28:08+00:00\",\"dateModified\":\"2021-04-01T08:26:16+00:00\",\"breadcrumb\":{\"@id\":\"https:\\\/\\\/www.conservatoridansaalcoi.com\\\/va\\\/blog\\\/#breadcrumb\"},\"inLanguage\":\"es-VA\",\"potentialAction\":[{\"@type\":\"ReadAction\",\"target\":[\"https:\\\/\\\/www.conservatoridansaalcoi.com\\\/va\\\/blog\\\/\"]}]},{\"@type\":\"BreadcrumbList\",\"@id\":\"https:\\\/\\\/www.conservatoridansaalcoi.com\\\/va\\\/blog\\\/#breadcrumb\",\"itemListElement\":[{\"@type\":\"ListItem\",\"position\":1,\"name\":\"Home\",\"item\":\"https:\\\/\\\/www.conservatoridansaalcoi.com\\\/va\\\/\"},{\"@type\":\"ListItem\",\"position\":2,\"name\":\"Blog\"}]},{\"@type\":\"WebSite\",\"@id\":\"https:\\\/\\\/www.conservatoridansaalcoi.com\\\/va\\\/#website\",\"url\":\"https:\\\/\\\/www.conservatoridansaalcoi.com\\\/va\\\/\",\"name\":\"Conservatorio de Danza\",\"description\":\"La danza es el \u00fanico arte en el que nosotros mismos somos el material del que el arte est\u00e1 hecho.\",\"publisher\":{\"@id\":\"https:\\\/\\\/www.conservatoridansaalcoi.com\\\/va\\\/#organization\"},\"potentialAction\":[{\"@type\":\"SearchAction\",\"target\":{\"@type\":\"EntryPoint\",\"urlTemplate\":\"https:\\\/\\\/www.conservatoridansaalcoi.com\\\/va\\\/?s={search_term_string}\"},\"query-input\":{\"@type\":\"PropertyValueSpecification\",\"valueRequired\":true,\"valueName\":\"search_term_string\"}}],\"inLanguage\":\"es-VA\"},{\"@type\":\"Organization\",\"@id\":\"https:\\\/\\\/www.conservatoridansaalcoi.com\\\/va\\\/#organization\",\"name\":\"Conservatorio de Danza\",\"url\":\"https:\\\/\\\/www.conservatoridansaalcoi.com\\\/va\\\/\",\"logo\":{\"@type\":\"ImageObject\",\"inLanguage\":\"es-VA\",\"@id\":\"https:\\\/\\\/www.conservatoridansaalcoi.com\\\/va\\\/#\\\/schema\\\/logo\\\/image\\\/\",\"url\":\"https:\\\/\\\/www.conservatoridansaalcoi.com\\\/wp-content\\\/uploads\\\/2020\\\/08\\\/logo-conservatorio-danza-h.svg\",\"contentUrl\":\"https:\\\/\\\/www.conservatoridansaalcoi.com\\\/wp-content\\\/uploads\\\/2020\\\/08\\\/logo-conservatorio-danza-h.svg\",\"width\":1,\"height\":1,\"caption\":\"Conservatorio de Danza\"},\"image\":{\"@id\":\"https:\\\/\\\/www.conservatoridansaalcoi.com\\\/va\\\/#\\\/schema\\\/logo\\\/image\\\/\"}}]}<\/script>\n<!-- \/ Yoast SEO plugin. -->","yoast_head_json":{"title":"Blog - Conservatorio de Danza","robots":{"index":"index","follow":"follow","max-snippet":"max-snippet:-1","max-image-preview":"max-image-preview:large","max-video-preview":"max-video-preview:-1"},"canonical":"https:\/\/www.conservatoridansaalcoi.com\/va\/blog\/","og_locale":"es_ES","og_type":"article","og_title":"Blog - Conservatorio de Danza","og_url":"https:\/\/www.conservatoridansaalcoi.com\/va\/blog\/","og_site_name":"Conservatorio de Danza","article_modified_time":"2021-04-01T08:26:16+00:00","twitter_card":"summary_large_image","schema":{"@context":"https:\/\/schema.org","@graph":[{"@type":"WebPage","@id":"https:\/\/www.conservatoridansaalcoi.com\/va\/blog\/","url":"https:\/\/www.conservatoridansaalcoi.com\/va\/blog\/","name":"Blog - Conservatorio de Danza","isPartOf":{"@id":"https:\/\/www.conservatoridansaalcoi.com\/va\/#website"},"datePublished":"2021-01-18T12:28:08+00:00","dateModified":"2021-04-01T08:26:16+00:00","breadcrumb":{"@id":"https:\/\/www.conservatoridansaalcoi.com\/va\/blog\/#breadcrumb"},"inLanguage":"es-VA","potentialAction":[{"@type":"ReadAction","target":["https:\/\/www.conservatoridansaalcoi.com\/va\/blog\/"]}]},{"@type":"BreadcrumbList","@id":"https:\/\/www.conservatoridansaalcoi.com\/va\/blog\/#breadcrumb","itemListElement":[{"@type":"ListItem","position":1,"name":"Home","item":"https:\/\/www.conservatoridansaalcoi.com\/va\/"},{"@type":"ListItem","position":2,"name":"Blog"}]},{"@type":"WebSite","@id":"https:\/\/www.conservatoridansaalcoi.com\/va\/#website","url":"https:\/\/www.conservatoridansaalcoi.com\/va\/","name":"Conservatorio de Danza","description":"La danza es el \u00fanico arte en el que nosotros mismos somos el material del que el arte est\u00e1 hecho.","publisher":{"@id":"https:\/\/www.conservatoridansaalcoi.com\/va\/#organization"},"potentialAction":[{"@type":"SearchAction","target":{"@type":"EntryPoint","urlTemplate":"https:\/\/www.conservatoridansaalcoi.com\/va\/?s={search_term_string}"},"query-input":{"@type":"PropertyValueSpecification","valueRequired":true,"valueName":"search_term_string"}}],"inLanguage":"es-VA"},{"@type":"Organization","@id":"https:\/\/www.conservatoridansaalcoi.com\/va\/#organization","name":"Conservatorio de Danza","url":"https:\/\/www.conservatoridansaalcoi.com\/va\/","logo":{"@type":"ImageObject","inLanguage":"es-VA","@id":"https:\/\/www.conservatoridansaalcoi.com\/va\/#\/schema\/logo\/image\/","url":"https:\/\/www.conservatoridansaalcoi.com\/wp-content\/uploads\/2020\/08\/logo-conservatorio-danza-h.svg","contentUrl":"https:\/\/www.conservatoridansaalcoi.com\/wp-content\/uploads\/2020\/08\/logo-conservatorio-danza-h.svg","width":1,"height":1,"caption":"Conservatorio de Danza"},"image":{"@id":"https:\/\/www.conservatoridansaalcoi.com\/va\/#\/schema\/logo\/image\/"}}]}},"_links":{"self":[{"href":"https:\/\/www.conservatoridansaalcoi.com\/va\/wp-json\/wp\/v2\/pages\/2034","targetHints":{"allow":["GET"]}}],"collection":[{"href":"https:\/\/www.conservatoridansaalcoi.com\/va\/wp-json\/wp\/v2\/pages"}],"about":[{"href":"https:\/\/www.conservatoridansaalcoi.com\/va\/wp-json\/wp\/v2\/types\/page"}],"author":[{"embeddable":true,"href":"https:\/\/www.conservatoridansaalcoi.com\/va\/wp-json\/wp\/v2\/users\/1"}],"replies":[{"embeddable":true,"href":"https:\/\/www.conservatoridansaalcoi.com\/va\/wp-json\/wp\/v2\/comments?post=2034"}],"version-history":[{"count":1,"href":"https:\/\/www.conservatoridansaalcoi.com\/va\/wp-json\/wp\/v2\/pages\/2034\/revisions"}],"predecessor-version":[{"id":2035,"href":"https:\/\/www.conservatoridansaalcoi.com\/va\/wp-json\/wp\/v2\/pages\/2034\/revisions\/2035"}],"wp:attachment":[{"href":"https:\/\/www.conservatoridansaalcoi.com\/va\/wp-json\/wp\/v2\/media?parent=2034"}],"curies":[{"name":"wp","href":"https:\/\/api.w.org\/{rel}","templated":true}]}}