{"id":1505,"date":"2021-01-11T08:15:50","date_gmt":"2021-01-11T07:15:50","guid":{"rendered":"https:\/\/conservatoriodanza.acceseo.dev\/dansa-contemporania\/"},"modified":"2021-03-11T13:20:49","modified_gmt":"2021-03-11T12:20:49","slug":"dansa-contemporania","status":"publish","type":"page","link":"https:\/\/www.conservatoridansaalcoi.com\/va\/dansa-contemporania\/","title":{"rendered":"Dansa Contempor\u00e0nia"},"content":{"rendered":"\t\t<div data-elementor-type=\"wp-page\" data-elementor-id=\"1505\" class=\"elementor elementor-1505 elementor-1488\" data-elementor-post-type=\"page\">\n\t\t\t\t\t\t<section class=\"elementor-section elementor-top-section elementor-element elementor-element-1245e7c elementor-section-full_width elementor-section-height-default elementor-section-height-default\" data-id=\"1245e7c\" data-element_type=\"section\" data-e-type=\"section\">\n\t\t\t\t\t\t<div class=\"elementor-container elementor-column-gap-default\">\n\t\t\t\t\t<div class=\"elementor-column elementor-col-100 elementor-top-column elementor-element elementor-element-4f458ce5\" data-id=\"4f458ce5\" data-element_type=\"column\" data-e-type=\"column\">\n\t\t\t<div class=\"elementor-widget-wrap elementor-element-populated\">\n\t\t\t\t\t\t<div class=\"elementor-element elementor-element-1d56563e elementor-widget elementor-widget-image\" data-id=\"1d56563e\" data-element_type=\"widget\" data-e-type=\"widget\" data-widget_type=\"image.default\">\n\t\t\t\t<div class=\"elementor-widget-container\">\n\t\t\t\t\t\t\t\t\t\t\t\t\t\t\t<img fetchpriority=\"high\" decoding=\"async\" width=\"1920\" height=\"385\" src=\"https:\/\/www.conservatoridansaalcoi.com\/wp-content\/uploads\/2021\/01\/danza_contemporanea_1.jpg\" class=\"attachment-full size-full wp-image-1491\" alt=\"Escenario con actuaci\u00f3n de danza contempor\u00e1nea\" srcset=\"https:\/\/www.conservatoridansaalcoi.com\/wp-content\/uploads\/2021\/01\/danza_contemporanea_1.jpg 1920w, https:\/\/www.conservatoridansaalcoi.com\/wp-content\/uploads\/2021\/01\/danza_contemporanea_1-300x60.jpg 300w, https:\/\/www.conservatoridansaalcoi.com\/wp-content\/uploads\/2021\/01\/danza_contemporanea_1-1024x205.jpg 1024w, https:\/\/www.conservatoridansaalcoi.com\/wp-content\/uploads\/2021\/01\/danza_contemporanea_1-768x154.jpg 768w, https:\/\/www.conservatoridansaalcoi.com\/wp-content\/uploads\/2021\/01\/danza_contemporanea_1-1536x308.jpg 1536w\" sizes=\"(max-width: 1920px) 100vw, 1920px\" \/>\t\t\t\t\t\t\t\t\t\t\t\t\t\t\t<\/div>\n\t\t\t\t<\/div>\n\t\t\t\t\t<\/div>\n\t\t<\/div>\n\t\t\t\t\t<\/div>\n\t\t<\/section>\n\t\t\t\t<section class=\"elementor-section elementor-top-section elementor-element elementor-element-4f921610 elementor-section-boxed elementor-section-height-default elementor-section-height-default elementor-invisible\" data-id=\"4f921610\" data-element_type=\"section\" data-e-type=\"section\" data-settings=\"{&quot;animation&quot;:&quot;fadeInUp&quot;}\">\n\t\t\t\t\t\t<div class=\"elementor-container elementor-column-gap-default\">\n\t\t\t\t\t<div class=\"elementor-column elementor-col-100 elementor-top-column elementor-element elementor-element-602fe1a0\" data-id=\"602fe1a0\" data-element_type=\"column\" data-e-type=\"column\">\n\t\t\t<div class=\"elementor-widget-wrap elementor-element-populated\">\n\t\t\t\t\t\t<div class=\"elementor-element elementor-element-4fc1b09b elementor-widget elementor-widget-text-editor\" data-id=\"4fc1b09b\" data-element_type=\"widget\" data-e-type=\"widget\" data-widget_type=\"text-editor.default\">\n\t\t\t\t<div class=\"elementor-widget-container\">\n\t\t\t\t\t\t\t\t\t<p><span style=\"font-weight: 400;\"><strong>La Dansa Contempor\u00e0nia<\/strong> \u00e9s un estil de dansa que busca expressar a trav\u00e9s del ballar\u00ed una idea, un sentiment, una emoci\u00f3, i en qu\u00e8 es mesclen moviments corporals propis dels segles XX i XXI.\u00a0<\/span><\/p>\n<p><span style=\"font-weight: 400;\">Es caracteritza per la utilitzaci\u00f3 de l\u2019espai, per ser molt \u00e0mplia en el repertori, en els seus moviments i per no tindre cap tipus de rigidesa en la seua execuci\u00f3. <\/span><\/p>\n<p><span style=\"font-weight: 400;\">Hui en dia la dansa contempor\u00e0nia \u00e9s una mescla d\u2019estils, i encara que se centra essencialment en la llibertat de moviments i en l\u2019expressi\u00f3 corporal, s\u2019apliquen diferents t\u00e8cniques per al seu estudi: GRAHAM, CUNNINGHAM, LIM\u00d3N&#8230;\u00a0<\/span><\/p>\n<p><span style=\"font-weight: 400;\">Esta assignatura es comen\u00e7a a impartir a partir de tercer curs d\u2019Ensenyaments Elementals, una vegada l\u2019alumne\/a ha adquirit una base t\u00e8cnica de la dansa cl\u00e0ssica i un control profund del cos.<\/span><\/p>\n\t\t\t\t\t\t\t\t<\/div>\n\t\t\t\t<\/div>\n\t\t\t\t\t<\/div>\n\t\t<\/div>\n\t\t\t\t\t<\/div>\n\t\t<\/section>\n\t\t\t\t<\/div>\n\t\t","protected":false},"excerpt":{"rendered":"<p>La Dansa Contempor\u00e0nia \u00e9s un estil de dansa que busca expressar a trav\u00e9s del ballar\u00ed una idea, un sentiment, una emoci\u00f3, i en qu\u00e8 es mesclen moviments corporals propis dels segles XX i XXI.\u00a0 Es caracteritza per la utilitzaci\u00f3 de l\u2019espai, per ser molt \u00e0mplia en el repertori, en els seus moviments i per no [&hellip;]<\/p>\n","protected":false},"author":1,"featured_media":0,"parent":0,"menu_order":0,"comment_status":"closed","ping_status":"closed","template":"elementor_header_footer","meta":{"_acf_changed":false,"footnotes":""},"class_list":["post-1505","page","type-page","status-publish","hentry"],"acf":[],"yoast_head":"<!-- This site is optimized with the Yoast SEO plugin v27.3 - https:\/\/yoast.com\/product\/yoast-seo-wordpress\/ -->\n<title>Dansa Contempor\u00e0nia - Conservatorio de Danza<\/title>\n<meta name=\"robots\" content=\"index, follow, max-snippet:-1, max-image-preview:large, max-video-preview:-1\" \/>\n<link rel=\"canonical\" href=\"https:\/\/www.conservatoridansaalcoi.com\/va\/dansa-contemporania\/\" \/>\n<meta property=\"og:locale\" content=\"es_ES\" \/>\n<meta property=\"og:type\" content=\"article\" \/>\n<meta property=\"og:title\" content=\"Dansa Contempor\u00e0nia - Conservatorio de Danza\" \/>\n<meta property=\"og:description\" content=\"La Dansa Contempor\u00e0nia \u00e9s un estil de dansa que busca expressar a trav\u00e9s del ballar\u00ed una idea, un sentiment, una emoci\u00f3, i en qu\u00e8 es mesclen moviments corporals propis dels segles XX i XXI.\u00a0 Es caracteritza per la utilitzaci\u00f3 de l\u2019espai, per ser molt \u00e0mplia en el repertori, en els seus moviments i per no [&hellip;]\" \/>\n<meta property=\"og:url\" content=\"https:\/\/www.conservatoridansaalcoi.com\/va\/dansa-contemporania\/\" \/>\n<meta property=\"og:site_name\" content=\"Conservatorio de Danza\" \/>\n<meta property=\"article:modified_time\" content=\"2021-03-11T12:20:49+00:00\" \/>\n<meta property=\"og:image\" content=\"https:\/\/www.conservatoridansaalcoi.com\/wp-content\/uploads\/2021\/01\/danza_contemporanea_1.jpg\" \/>\n<meta name=\"twitter:card\" content=\"summary_large_image\" \/>\n<meta name=\"twitter:label1\" content=\"Est. reading time\" \/>\n\t<meta name=\"twitter:data1\" content=\"1 minute\" \/>\n<script type=\"application\/ld+json\" class=\"yoast-schema-graph\">{\"@context\":\"https:\\\/\\\/schema.org\",\"@graph\":[{\"@type\":\"WebPage\",\"@id\":\"https:\\\/\\\/www.conservatoridansaalcoi.com\\\/va\\\/dansa-contemporania\\\/\",\"url\":\"https:\\\/\\\/www.conservatoridansaalcoi.com\\\/va\\\/dansa-contemporania\\\/\",\"name\":\"Dansa Contempor\u00e0nia - Conservatorio de Danza\",\"isPartOf\":{\"@id\":\"https:\\\/\\\/www.conservatoridansaalcoi.com\\\/va\\\/#website\"},\"primaryImageOfPage\":{\"@id\":\"https:\\\/\\\/www.conservatoridansaalcoi.com\\\/va\\\/dansa-contemporania\\\/#primaryimage\"},\"image\":{\"@id\":\"https:\\\/\\\/www.conservatoridansaalcoi.com\\\/va\\\/dansa-contemporania\\\/#primaryimage\"},\"thumbnailUrl\":\"https:\\\/\\\/www.conservatoridansaalcoi.com\\\/wp-content\\\/uploads\\\/2021\\\/01\\\/danza_contemporanea_1.jpg\",\"datePublished\":\"2021-01-11T07:15:50+00:00\",\"dateModified\":\"2021-03-11T12:20:49+00:00\",\"breadcrumb\":{\"@id\":\"https:\\\/\\\/www.conservatoridansaalcoi.com\\\/va\\\/dansa-contemporania\\\/#breadcrumb\"},\"inLanguage\":\"es-VA\",\"potentialAction\":[{\"@type\":\"ReadAction\",\"target\":[\"https:\\\/\\\/www.conservatoridansaalcoi.com\\\/va\\\/dansa-contemporania\\\/\"]}]},{\"@type\":\"ImageObject\",\"inLanguage\":\"es-VA\",\"@id\":\"https:\\\/\\\/www.conservatoridansaalcoi.com\\\/va\\\/dansa-contemporania\\\/#primaryimage\",\"url\":\"https:\\\/\\\/www.conservatoridansaalcoi.com\\\/wp-content\\\/uploads\\\/2021\\\/01\\\/danza_contemporanea_1.jpg\",\"contentUrl\":\"https:\\\/\\\/www.conservatoridansaalcoi.com\\\/wp-content\\\/uploads\\\/2021\\\/01\\\/danza_contemporanea_1.jpg\"},{\"@type\":\"BreadcrumbList\",\"@id\":\"https:\\\/\\\/www.conservatoridansaalcoi.com\\\/va\\\/dansa-contemporania\\\/#breadcrumb\",\"itemListElement\":[{\"@type\":\"ListItem\",\"position\":1,\"name\":\"Home\",\"item\":\"https:\\\/\\\/www.conservatoridansaalcoi.com\\\/va\\\/\"},{\"@type\":\"ListItem\",\"position\":2,\"name\":\"Dansa Contempor\u00e0nia\"}]},{\"@type\":\"WebSite\",\"@id\":\"https:\\\/\\\/www.conservatoridansaalcoi.com\\\/va\\\/#website\",\"url\":\"https:\\\/\\\/www.conservatoridansaalcoi.com\\\/va\\\/\",\"name\":\"Conservatorio de Danza\",\"description\":\"La danza es el \u00fanico arte en el que nosotros mismos somos el material del que el arte est\u00e1 hecho.\",\"publisher\":{\"@id\":\"https:\\\/\\\/www.conservatoridansaalcoi.com\\\/va\\\/#organization\"},\"potentialAction\":[{\"@type\":\"SearchAction\",\"target\":{\"@type\":\"EntryPoint\",\"urlTemplate\":\"https:\\\/\\\/www.conservatoridansaalcoi.com\\\/va\\\/?s={search_term_string}\"},\"query-input\":{\"@type\":\"PropertyValueSpecification\",\"valueRequired\":true,\"valueName\":\"search_term_string\"}}],\"inLanguage\":\"es-VA\"},{\"@type\":\"Organization\",\"@id\":\"https:\\\/\\\/www.conservatoridansaalcoi.com\\\/va\\\/#organization\",\"name\":\"Conservatorio de Danza\",\"url\":\"https:\\\/\\\/www.conservatoridansaalcoi.com\\\/va\\\/\",\"logo\":{\"@type\":\"ImageObject\",\"inLanguage\":\"es-VA\",\"@id\":\"https:\\\/\\\/www.conservatoridansaalcoi.com\\\/va\\\/#\\\/schema\\\/logo\\\/image\\\/\",\"url\":\"https:\\\/\\\/www.conservatoridansaalcoi.com\\\/wp-content\\\/uploads\\\/2020\\\/08\\\/logo-conservatorio-danza-h.svg\",\"contentUrl\":\"https:\\\/\\\/www.conservatoridansaalcoi.com\\\/wp-content\\\/uploads\\\/2020\\\/08\\\/logo-conservatorio-danza-h.svg\",\"width\":1,\"height\":1,\"caption\":\"Conservatorio de Danza\"},\"image\":{\"@id\":\"https:\\\/\\\/www.conservatoridansaalcoi.com\\\/va\\\/#\\\/schema\\\/logo\\\/image\\\/\"}}]}<\/script>\n<!-- \/ Yoast SEO plugin. -->","yoast_head_json":{"title":"Dansa Contempor\u00e0nia - Conservatorio de Danza","robots":{"index":"index","follow":"follow","max-snippet":"max-snippet:-1","max-image-preview":"max-image-preview:large","max-video-preview":"max-video-preview:-1"},"canonical":"https:\/\/www.conservatoridansaalcoi.com\/va\/dansa-contemporania\/","og_locale":"es_ES","og_type":"article","og_title":"Dansa Contempor\u00e0nia - Conservatorio de Danza","og_description":"La Dansa Contempor\u00e0nia \u00e9s un estil de dansa que busca expressar a trav\u00e9s del ballar\u00ed una idea, un sentiment, una emoci\u00f3, i en qu\u00e8 es mesclen moviments corporals propis dels segles XX i XXI.\u00a0 Es caracteritza per la utilitzaci\u00f3 de l\u2019espai, per ser molt \u00e0mplia en el repertori, en els seus moviments i per no [&hellip;]","og_url":"https:\/\/www.conservatoridansaalcoi.com\/va\/dansa-contemporania\/","og_site_name":"Conservatorio de Danza","article_modified_time":"2021-03-11T12:20:49+00:00","og_image":[{"url":"https:\/\/www.conservatoridansaalcoi.com\/wp-content\/uploads\/2021\/01\/danza_contemporanea_1.jpg","type":"","width":"","height":""}],"twitter_card":"summary_large_image","twitter_misc":{"Est. reading time":"1 minute"},"schema":{"@context":"https:\/\/schema.org","@graph":[{"@type":"WebPage","@id":"https:\/\/www.conservatoridansaalcoi.com\/va\/dansa-contemporania\/","url":"https:\/\/www.conservatoridansaalcoi.com\/va\/dansa-contemporania\/","name":"Dansa Contempor\u00e0nia - Conservatorio de Danza","isPartOf":{"@id":"https:\/\/www.conservatoridansaalcoi.com\/va\/#website"},"primaryImageOfPage":{"@id":"https:\/\/www.conservatoridansaalcoi.com\/va\/dansa-contemporania\/#primaryimage"},"image":{"@id":"https:\/\/www.conservatoridansaalcoi.com\/va\/dansa-contemporania\/#primaryimage"},"thumbnailUrl":"https:\/\/www.conservatoridansaalcoi.com\/wp-content\/uploads\/2021\/01\/danza_contemporanea_1.jpg","datePublished":"2021-01-11T07:15:50+00:00","dateModified":"2021-03-11T12:20:49+00:00","breadcrumb":{"@id":"https:\/\/www.conservatoridansaalcoi.com\/va\/dansa-contemporania\/#breadcrumb"},"inLanguage":"es-VA","potentialAction":[{"@type":"ReadAction","target":["https:\/\/www.conservatoridansaalcoi.com\/va\/dansa-contemporania\/"]}]},{"@type":"ImageObject","inLanguage":"es-VA","@id":"https:\/\/www.conservatoridansaalcoi.com\/va\/dansa-contemporania\/#primaryimage","url":"https:\/\/www.conservatoridansaalcoi.com\/wp-content\/uploads\/2021\/01\/danza_contemporanea_1.jpg","contentUrl":"https:\/\/www.conservatoridansaalcoi.com\/wp-content\/uploads\/2021\/01\/danza_contemporanea_1.jpg"},{"@type":"BreadcrumbList","@id":"https:\/\/www.conservatoridansaalcoi.com\/va\/dansa-contemporania\/#breadcrumb","itemListElement":[{"@type":"ListItem","position":1,"name":"Home","item":"https:\/\/www.conservatoridansaalcoi.com\/va\/"},{"@type":"ListItem","position":2,"name":"Dansa Contempor\u00e0nia"}]},{"@type":"WebSite","@id":"https:\/\/www.conservatoridansaalcoi.com\/va\/#website","url":"https:\/\/www.conservatoridansaalcoi.com\/va\/","name":"Conservatorio de Danza","description":"La danza es el \u00fanico arte en el que nosotros mismos somos el material del que el arte est\u00e1 hecho.","publisher":{"@id":"https:\/\/www.conservatoridansaalcoi.com\/va\/#organization"},"potentialAction":[{"@type":"SearchAction","target":{"@type":"EntryPoint","urlTemplate":"https:\/\/www.conservatoridansaalcoi.com\/va\/?s={search_term_string}"},"query-input":{"@type":"PropertyValueSpecification","valueRequired":true,"valueName":"search_term_string"}}],"inLanguage":"es-VA"},{"@type":"Organization","@id":"https:\/\/www.conservatoridansaalcoi.com\/va\/#organization","name":"Conservatorio de Danza","url":"https:\/\/www.conservatoridansaalcoi.com\/va\/","logo":{"@type":"ImageObject","inLanguage":"es-VA","@id":"https:\/\/www.conservatoridansaalcoi.com\/va\/#\/schema\/logo\/image\/","url":"https:\/\/www.conservatoridansaalcoi.com\/wp-content\/uploads\/2020\/08\/logo-conservatorio-danza-h.svg","contentUrl":"https:\/\/www.conservatoridansaalcoi.com\/wp-content\/uploads\/2020\/08\/logo-conservatorio-danza-h.svg","width":1,"height":1,"caption":"Conservatorio de Danza"},"image":{"@id":"https:\/\/www.conservatoridansaalcoi.com\/va\/#\/schema\/logo\/image\/"}}]}},"_links":{"self":[{"href":"https:\/\/www.conservatoridansaalcoi.com\/va\/wp-json\/wp\/v2\/pages\/1505","targetHints":{"allow":["GET"]}}],"collection":[{"href":"https:\/\/www.conservatoridansaalcoi.com\/va\/wp-json\/wp\/v2\/pages"}],"about":[{"href":"https:\/\/www.conservatoridansaalcoi.com\/va\/wp-json\/wp\/v2\/types\/page"}],"author":[{"embeddable":true,"href":"https:\/\/www.conservatoridansaalcoi.com\/va\/wp-json\/wp\/v2\/users\/1"}],"replies":[{"embeddable":true,"href":"https:\/\/www.conservatoridansaalcoi.com\/va\/wp-json\/wp\/v2\/comments?post=1505"}],"version-history":[{"count":1,"href":"https:\/\/www.conservatoridansaalcoi.com\/va\/wp-json\/wp\/v2\/pages\/1505\/revisions"}],"predecessor-version":[{"id":1506,"href":"https:\/\/www.conservatoridansaalcoi.com\/va\/wp-json\/wp\/v2\/pages\/1505\/revisions\/1506"}],"wp:attachment":[{"href":"https:\/\/www.conservatoridansaalcoi.com\/va\/wp-json\/wp\/v2\/media?parent=1505"}],"curies":[{"name":"wp","href":"https:\/\/api.w.org\/{rel}","templated":true}]}}