{"id":1423,"date":"2021-01-08T12:46:35","date_gmt":"2021-01-08T11:46:35","guid":{"rendered":"https:\/\/conservatoriodanza.acceseo.dev\/cursos-dampliacio-destudis-cades\/"},"modified":"2021-03-15T11:57:30","modified_gmt":"2021-03-15T10:57:30","slug":"cursos-dampliacio-destudis-cades","status":"publish","type":"page","link":"https:\/\/www.conservatoridansaalcoi.com\/va\/cursos-dampliacio-destudis-cades\/","title":{"rendered":"Cursos d&#8217;ampliaci\u00f3 d&#8217;estudis \u2013 CADES"},"content":{"rendered":"\t\t<div data-elementor-type=\"wp-page\" data-elementor-id=\"1423\" class=\"elementor elementor-1423 elementor-1374\" data-elementor-post-type=\"page\">\n\t\t\t\t\t\t<section class=\"elementor-section elementor-top-section elementor-element elementor-element-6916f67 elementor-section-full_width elementor-reverse-mobile elementor-section-height-default elementor-section-height-default elementor-invisible\" data-id=\"6916f67\" data-element_type=\"section\" data-e-type=\"section\" data-settings=\"{&quot;animation&quot;:&quot;fadeInUp&quot;}\">\n\t\t\t\t\t\t<div class=\"elementor-container elementor-column-gap-default\">\n\t\t\t\t\t<div class=\"elementor-column elementor-col-50 elementor-top-column elementor-element elementor-element-dbfa5a6\" data-id=\"dbfa5a6\" data-element_type=\"column\" data-e-type=\"column\">\n\t\t\t<div class=\"elementor-widget-wrap elementor-element-populated\">\n\t\t\t\t\t\t<div class=\"elementor-element elementor-element-54fe7f0 elementor-widget elementor-widget-heading\" data-id=\"54fe7f0\" data-element_type=\"widget\" data-e-type=\"widget\" data-widget_type=\"heading.default\">\n\t\t\t\t<div class=\"elementor-widget-container\">\n\t\t\t\t\t<h2 class=\"elementor-heading-title elementor-size-default\">Qu\u00e8 s\u00f3n?<\/h2>\t\t\t\t<\/div>\n\t\t\t\t<\/div>\n\t\t\t\t<div class=\"elementor-element elementor-element-393d472 elementor-widget elementor-widget-text-editor\" data-id=\"393d472\" data-element_type=\"widget\" data-e-type=\"widget\" data-widget_type=\"text-editor.default\">\n\t\t\t\t<div class=\"elementor-widget-container\">\n\t\t\t\t\t\t\t\t\t<p>Els Cursos d\u2019Ampliaci\u00f3 d\u2019Estudis s\u00f3n un itinerari de cursos dissenyats per a continuar amb l\u2019aprenentatge de la Dansa i la seua especialitzaci\u00f3, una vegada superats els seus estudis en Ensenyaments Elementals, obtenci\u00f3 directa o haver superat l\u2019edat compresa per a cursar els Ensenyaments Elementals (12 anys).<\/p>\n<p>L\u2019alumnat dels cursos d\u2019ampliaci\u00f3 d\u2019estudis participa directament en les activitats que realitza el centre (gales, actuacions en col\u00b7laboraci\u00f3 amb altres entitats, esdeveniments culturals\u2026) i es beneficia dels cursos, tallers i jornades que el Conservatori tamb\u00e9 organitza anualment, tot aix\u00f2 amb la finalitat de l\u2019enriquiment personal i l\u2019experi\u00e8ncia de transmetre el gaudi per la Dansa.<\/p>\n\t\t\t\t\t\t\t\t<\/div>\n\t\t\t\t<\/div>\n\t\t\t\t\t<\/div>\n\t\t<\/div>\n\t\t\t\t<div class=\"elementor-column elementor-col-50 elementor-top-column elementor-element elementor-element-0a7a1ad\" data-id=\"0a7a1ad\" data-element_type=\"column\" data-e-type=\"column\">\n\t\t\t<div class=\"elementor-widget-wrap elementor-element-populated\">\n\t\t\t\t\t\t<div class=\"elementor-element elementor-element-2f8627f elementor-widget elementor-widget-image\" data-id=\"2f8627f\" data-element_type=\"widget\" data-e-type=\"widget\" data-settings=\"{&quot;sticky&quot;:&quot;top&quot;,&quot;sticky_offset&quot;:165,&quot;sticky_parent&quot;:&quot;yes&quot;,&quot;sticky_on&quot;:[&quot;desktop&quot;,&quot;tablet&quot;,&quot;mobile&quot;],&quot;sticky_effects_offset&quot;:0,&quot;sticky_anchor_link_offset&quot;:0}\" data-widget_type=\"image.default\">\n\t\t\t\t<div class=\"elementor-widget-container\">\n\t\t\t\t\t\t\t\t\t\t\t\t\t\t\t<img fetchpriority=\"high\" decoding=\"async\" width=\"1080\" height=\"720\" src=\"https:\/\/www.conservatoridansaalcoi.com\/wp-content\/uploads\/2021\/01\/cades_1.jpg\" class=\"attachment-full size-full wp-image-1414\" alt=\"Bailarinas de ballet en puntas de pie\" srcset=\"https:\/\/www.conservatoridansaalcoi.com\/wp-content\/uploads\/2021\/01\/cades_1.jpg 1080w, https:\/\/www.conservatoridansaalcoi.com\/wp-content\/uploads\/2021\/01\/cades_1-300x200.jpg 300w, https:\/\/www.conservatoridansaalcoi.com\/wp-content\/uploads\/2021\/01\/cades_1-1024x683.jpg 1024w, https:\/\/www.conservatoridansaalcoi.com\/wp-content\/uploads\/2021\/01\/cades_1-768x512.jpg 768w, https:\/\/www.conservatoridansaalcoi.com\/wp-content\/uploads\/2021\/01\/cades_1-391x260.jpg 391w\" sizes=\"(max-width: 1080px) 100vw, 1080px\" \/>\t\t\t\t\t\t\t\t\t\t\t\t\t\t\t<\/div>\n\t\t\t\t<\/div>\n\t\t\t\t\t<\/div>\n\t\t<\/div>\n\t\t\t\t\t<\/div>\n\t\t<\/section>\n\t\t\t\t<section class=\"elementor-section elementor-top-section elementor-element elementor-element-c65eacf elementor-section-full_width elementor-section-height-default elementor-section-height-default elementor-invisible\" data-id=\"c65eacf\" data-element_type=\"section\" data-e-type=\"section\" data-settings=\"{&quot;animation&quot;:&quot;fadeInUp&quot;}\">\n\t\t\t\t\t\t<div class=\"elementor-container elementor-column-gap-default\">\n\t\t\t\t\t<div class=\"elementor-column elementor-col-50 elementor-top-column elementor-element elementor-element-1c9ad7f\" data-id=\"1c9ad7f\" data-element_type=\"column\" data-e-type=\"column\">\n\t\t\t<div class=\"elementor-widget-wrap elementor-element-populated\">\n\t\t\t\t\t\t<div class=\"elementor-element elementor-element-7ddf774 elementor-widget elementor-widget-image\" data-id=\"7ddf774\" data-element_type=\"widget\" data-e-type=\"widget\" data-settings=\"{&quot;sticky&quot;:&quot;top&quot;,&quot;sticky_offset&quot;:165,&quot;sticky_parent&quot;:&quot;yes&quot;,&quot;sticky_on&quot;:[&quot;desktop&quot;,&quot;tablet&quot;,&quot;mobile&quot;],&quot;sticky_effects_offset&quot;:0,&quot;sticky_anchor_link_offset&quot;:0}\" data-widget_type=\"image.default\">\n\t\t\t\t<div class=\"elementor-widget-container\">\n\t\t\t\t\t\t\t\t\t\t\t\t\t\t\t<img decoding=\"async\" width=\"1080\" height=\"720\" src=\"https:\/\/www.conservatoridansaalcoi.com\/wp-content\/uploads\/2021\/01\/cades_2.jpg\" class=\"attachment-full size-full wp-image-1419\" alt=\"Actuaci\u00f3n de danza\" srcset=\"https:\/\/www.conservatoridansaalcoi.com\/wp-content\/uploads\/2021\/01\/cades_2.jpg 1080w, https:\/\/www.conservatoridansaalcoi.com\/wp-content\/uploads\/2021\/01\/cades_2-300x200.jpg 300w, https:\/\/www.conservatoridansaalcoi.com\/wp-content\/uploads\/2021\/01\/cades_2-1024x683.jpg 1024w, https:\/\/www.conservatoridansaalcoi.com\/wp-content\/uploads\/2021\/01\/cades_2-768x512.jpg 768w, https:\/\/www.conservatoridansaalcoi.com\/wp-content\/uploads\/2021\/01\/cades_2-391x260.jpg 391w\" sizes=\"(max-width: 1080px) 100vw, 1080px\" \/>\t\t\t\t\t\t\t\t\t\t\t\t\t\t\t<\/div>\n\t\t\t\t<\/div>\n\t\t\t\t\t<\/div>\n\t\t<\/div>\n\t\t\t\t<div class=\"elementor-column elementor-col-50 elementor-top-column elementor-element elementor-element-1385b6e\" data-id=\"1385b6e\" data-element_type=\"column\" data-e-type=\"column\">\n\t\t\t<div class=\"elementor-widget-wrap elementor-element-populated\">\n\t\t\t\t\t\t<div class=\"elementor-element elementor-element-e16ea71 elementor-widget elementor-widget-heading\" data-id=\"e16ea71\" data-element_type=\"widget\" data-e-type=\"widget\" data-widget_type=\"heading.default\">\n\t\t\t\t<div class=\"elementor-widget-container\">\n\t\t\t\t\t<h2 class=\"elementor-heading-title elementor-size-default\">A qui van dirigits?<\/h2>\t\t\t\t<\/div>\n\t\t\t\t<\/div>\n\t\t\t\t<div class=\"elementor-element elementor-element-a157e6a elementor-widget elementor-widget-text-editor\" data-id=\"a157e6a\" data-element_type=\"widget\" data-e-type=\"widget\" data-widget_type=\"text-editor.default\">\n\t\t\t\t<div class=\"elementor-widget-container\">\n\t\t\t\t\t\t\t\t\t<p>Els cursos estan orientats per a aquells alumnes que volen professionalitzar-se i\/o especialitzar-se en els ensenyaments art\u00edstics, tot cursant les disciplines de Dansa Cl\u00e0ssica, Dansa Espanyola i\/o Dansa Contempor\u00e0nia, amb la finalitat de preparar els seus accessos als Ensenyaments Professionals de Dansa o \u00fanicament per a continuar vinculats a la formaci\u00f3 i l\u2019aprenentatge de la Dansa.<\/p>\n\t\t\t\t\t\t\t\t<\/div>\n\t\t\t\t<\/div>\n\t\t\t\t\t<\/div>\n\t\t<\/div>\n\t\t\t\t\t<\/div>\n\t\t<\/section>\n\t\t\t\t<section class=\"elementor-section elementor-top-section elementor-element elementor-element-74b729f elementor-section-full_width elementor-section-height-default elementor-section-height-default elementor-invisible\" data-id=\"74b729f\" data-element_type=\"section\" data-e-type=\"section\" data-settings=\"{&quot;animation&quot;:&quot;fadeInUp&quot;}\">\n\t\t\t\t\t\t<div class=\"elementor-container elementor-column-gap-default\">\n\t\t\t\t\t<div class=\"elementor-column elementor-col-50 elementor-top-column elementor-element elementor-element-6fcf521\" data-id=\"6fcf521\" data-element_type=\"column\" data-e-type=\"column\">\n\t\t\t<div class=\"elementor-widget-wrap elementor-element-populated\">\n\t\t\t\t\t\t<div class=\"elementor-element elementor-element-ef035be elementor-widget elementor-widget-heading\" data-id=\"ef035be\" data-element_type=\"widget\" data-e-type=\"widget\" data-widget_type=\"heading.default\">\n\t\t\t\t<div class=\"elementor-widget-container\">\n\t\t\t\t\t<h2 class=\"elementor-heading-title elementor-size-default\">Quin \u00e9s l'objectiu?<\/h2>\t\t\t\t<\/div>\n\t\t\t\t<\/div>\n\t\t\t\t<section class=\"elementor-section elementor-inner-section elementor-element elementor-element-4959179 elementor-section-full_width elementor-section-height-default elementor-section-height-default\" data-id=\"4959179\" data-element_type=\"section\" data-e-type=\"section\">\n\t\t\t\t\t\t<div class=\"elementor-container elementor-column-gap-default\">\n\t\t\t\t\t<div class=\"elementor-column elementor-col-100 elementor-inner-column elementor-element elementor-element-263ddf0\" data-id=\"263ddf0\" data-element_type=\"column\" data-e-type=\"column\">\n\t\t\t<div class=\"elementor-widget-wrap elementor-element-populated\">\n\t\t\t\t\t\t<div class=\"elementor-element elementor-element-329810b elementor-widget elementor-widget-text-editor\" data-id=\"329810b\" data-element_type=\"widget\" data-e-type=\"widget\" data-widget_type=\"text-editor.default\">\n\t\t\t\t<div class=\"elementor-widget-container\">\n\t\t\t\t\t\t\t\t\t<p>Els objectius que es persegueixen en aquests cursos s\u00f3n contribuir a desenvolupar en l\u2019alumnat les capacitats generals i els valors c\u00edvics propis del sistema educatiu, a m\u00e9s de diferents capacitats, com ara: habituar-se a assistir a diferents manifestacions esc\u00e8niques i desenvolupar els seus propis criteris, analitzar i valorar els beneficis que la dansa aporta per al seu desenvolupament personal, con\u00e9ixer i valorar el patrimoni de la Dansa com a part del patrimoni hist\u00f2ric i cultural\u2026 Tamb\u00e9 es fixen objectius espec\u00edfics perqu\u00e8 l\u2019alumnat adquirisca les capacitats necess\u00e0ries per a aconseguir el nivell exigit en cadascun dels cursos d\u2019ampliaci\u00f3 d\u2019estudis.<\/p>\n\t\t\t\t\t\t\t\t<\/div>\n\t\t\t\t<\/div>\n\t\t\t\t\t<\/div>\n\t\t<\/div>\n\t\t\t\t\t<\/div>\n\t\t<\/section>\n\t\t\t\t\t<\/div>\n\t\t<\/div>\n\t\t\t\t<div class=\"elementor-column elementor-col-50 elementor-top-column elementor-element elementor-element-a825517\" data-id=\"a825517\" data-element_type=\"column\" data-e-type=\"column\">\n\t\t\t<div class=\"elementor-widget-wrap elementor-element-populated\">\n\t\t\t\t\t\t<div class=\"elementor-element elementor-element-9f26300 elementor-widget elementor-widget-heading\" data-id=\"9f26300\" data-element_type=\"widget\" data-e-type=\"widget\" data-widget_type=\"heading.default\">\n\t\t\t\t<div class=\"elementor-widget-container\">\n\t\t\t\t\t<h2 class=\"elementor-heading-title elementor-size-default\">Quants cursos s\u00f3n?<\/h2>\t\t\t\t<\/div>\n\t\t\t\t<\/div>\n\t\t\t\t<section class=\"elementor-section elementor-inner-section elementor-element elementor-element-c57e21e elementor-section-full_width elementor-section-height-default elementor-section-height-default\" data-id=\"c57e21e\" data-element_type=\"section\" data-e-type=\"section\">\n\t\t\t\t\t\t<div class=\"elementor-container elementor-column-gap-default\">\n\t\t\t\t\t<div class=\"elementor-column elementor-col-100 elementor-inner-column elementor-element elementor-element-aa0aa3e\" data-id=\"aa0aa3e\" data-element_type=\"column\" data-e-type=\"column\">\n\t\t\t<div class=\"elementor-widget-wrap elementor-element-populated\">\n\t\t\t\t\t\t<div class=\"elementor-element elementor-element-1a88c0e elementor-widget elementor-widget-text-editor\" data-id=\"1a88c0e\" data-element_type=\"widget\" data-e-type=\"widget\" data-widget_type=\"text-editor.default\">\n\t\t\t\t<div class=\"elementor-widget-container\">\n\t\t\t\t\t\t\t\t\t<p>S\u2019imparteixen tres nivells, en els quals, generalment, l\u2019alumnat assisteix durant dos anys a cadascun d\u2019ells.<\/p>\n\t\t\t\t\t\t\t\t<\/div>\n\t\t\t\t<\/div>\n\t\t\t\t\t<\/div>\n\t\t<\/div>\n\t\t\t\t\t<\/div>\n\t\t<\/section>\n\t\t\t\t<div class=\"elementor-element elementor-element-8345fd2 elementor-widget elementor-widget-heading\" data-id=\"8345fd2\" data-element_type=\"widget\" data-e-type=\"widget\" data-widget_type=\"heading.default\">\n\t\t\t\t<div class=\"elementor-widget-container\">\n\t\t\t\t\t<h2 class=\"elementor-heading-title elementor-size-default\">Com accedir?<\/h2>\t\t\t\t<\/div>\n\t\t\t\t<\/div>\n\t\t\t\t<div class=\"elementor-element elementor-element-bbf50fa elementor-widget elementor-widget-text-editor\" data-id=\"bbf50fa\" data-element_type=\"widget\" data-e-type=\"widget\" data-widget_type=\"text-editor.default\">\n\t\t\t\t<div class=\"elementor-widget-container\">\n\t\t\t\t\t\t\t\t\t<p>L&#8217;acc\u00e9s als dits cursos ho realitza de forma directa l&#8217;alumnat del centre, una vegada finalitzades les Ensenyances Elementals o per mitj\u00e0 d&#8217;una prova d&#8217;acc\u00e9s si l&#8217;aspirant prov\u00e9 d&#8217;un altre centre.<\/p>\n\t\t\t\t\t\t\t\t<\/div>\n\t\t\t\t<\/div>\n\t\t\t\t\t<\/div>\n\t\t<\/div>\n\t\t\t\t\t<\/div>\n\t\t<\/section>\n\t\t\t\t<\/div>\n\t\t","protected":false},"excerpt":{"rendered":"<p>Qu\u00e8 s\u00f3n? Els Cursos d\u2019Ampliaci\u00f3 d\u2019Estudis s\u00f3n un itinerari de cursos dissenyats per a continuar amb l\u2019aprenentatge de la Dansa i la seua especialitzaci\u00f3, una vegada superats els seus estudis en Ensenyaments Elementals, obtenci\u00f3 directa o haver superat l\u2019edat compresa per a cursar els Ensenyaments Elementals (12 anys). L\u2019alumnat dels cursos d\u2019ampliaci\u00f3 d\u2019estudis participa directament [&hellip;]<\/p>\n","protected":false},"author":1,"featured_media":0,"parent":0,"menu_order":0,"comment_status":"closed","ping_status":"closed","template":"elementor_header_footer","meta":{"_acf_changed":false,"footnotes":""},"class_list":["post-1423","page","type-page","status-publish","hentry"],"acf":[],"yoast_head":"<!-- This site is optimized with the Yoast SEO plugin v27.3 - https:\/\/yoast.com\/product\/yoast-seo-wordpress\/ -->\n<title>Cursos d&#039;ampliaci\u00f3 d&#039;estudis \u2013 CADES - Conservatorio de Danza<\/title>\n<meta name=\"robots\" content=\"index, follow, max-snippet:-1, max-image-preview:large, max-video-preview:-1\" \/>\n<link rel=\"canonical\" href=\"https:\/\/www.conservatoridansaalcoi.com\/va\/cursos-dampliacio-destudis-cades\/\" \/>\n<meta property=\"og:locale\" content=\"es_ES\" \/>\n<meta property=\"og:type\" content=\"article\" \/>\n<meta property=\"og:title\" content=\"Cursos d&#039;ampliaci\u00f3 d&#039;estudis \u2013 CADES - Conservatorio de Danza\" \/>\n<meta property=\"og:description\" content=\"Qu\u00e8 s\u00f3n? Els Cursos d\u2019Ampliaci\u00f3 d\u2019Estudis s\u00f3n un itinerari de cursos dissenyats per a continuar amb l\u2019aprenentatge de la Dansa i la seua especialitzaci\u00f3, una vegada superats els seus estudis en Ensenyaments Elementals, obtenci\u00f3 directa o haver superat l\u2019edat compresa per a cursar els Ensenyaments Elementals (12 anys). L\u2019alumnat dels cursos d\u2019ampliaci\u00f3 d\u2019estudis participa directament [&hellip;]\" \/>\n<meta property=\"og:url\" content=\"https:\/\/www.conservatoridansaalcoi.com\/va\/cursos-dampliacio-destudis-cades\/\" \/>\n<meta property=\"og:site_name\" content=\"Conservatorio de Danza\" \/>\n<meta property=\"article:modified_time\" content=\"2021-03-15T10:57:30+00:00\" \/>\n<meta property=\"og:image\" content=\"https:\/\/www.conservatoridansaalcoi.com\/wp-content\/uploads\/2021\/01\/cades_1.jpg\" \/>\n<meta name=\"twitter:card\" content=\"summary_large_image\" \/>\n<meta name=\"twitter:label1\" content=\"Est. reading time\" \/>\n\t<meta name=\"twitter:data1\" content=\"2 minutes\" \/>\n<script type=\"application\/ld+json\" class=\"yoast-schema-graph\">{\"@context\":\"https:\\\/\\\/schema.org\",\"@graph\":[{\"@type\":\"WebPage\",\"@id\":\"https:\\\/\\\/www.conservatoridansaalcoi.com\\\/va\\\/cursos-dampliacio-destudis-cades\\\/\",\"url\":\"https:\\\/\\\/www.conservatoridansaalcoi.com\\\/va\\\/cursos-dampliacio-destudis-cades\\\/\",\"name\":\"Cursos d'ampliaci\u00f3 d'estudis \u2013 CADES - Conservatorio de Danza\",\"isPartOf\":{\"@id\":\"https:\\\/\\\/www.conservatoridansaalcoi.com\\\/va\\\/#website\"},\"primaryImageOfPage\":{\"@id\":\"https:\\\/\\\/www.conservatoridansaalcoi.com\\\/va\\\/cursos-dampliacio-destudis-cades\\\/#primaryimage\"},\"image\":{\"@id\":\"https:\\\/\\\/www.conservatoridansaalcoi.com\\\/va\\\/cursos-dampliacio-destudis-cades\\\/#primaryimage\"},\"thumbnailUrl\":\"https:\\\/\\\/www.conservatoridansaalcoi.com\\\/wp-content\\\/uploads\\\/2021\\\/01\\\/cades_1.jpg\",\"datePublished\":\"2021-01-08T11:46:35+00:00\",\"dateModified\":\"2021-03-15T10:57:30+00:00\",\"breadcrumb\":{\"@id\":\"https:\\\/\\\/www.conservatoridansaalcoi.com\\\/va\\\/cursos-dampliacio-destudis-cades\\\/#breadcrumb\"},\"inLanguage\":\"es-VA\",\"potentialAction\":[{\"@type\":\"ReadAction\",\"target\":[\"https:\\\/\\\/www.conservatoridansaalcoi.com\\\/va\\\/cursos-dampliacio-destudis-cades\\\/\"]}]},{\"@type\":\"ImageObject\",\"inLanguage\":\"es-VA\",\"@id\":\"https:\\\/\\\/www.conservatoridansaalcoi.com\\\/va\\\/cursos-dampliacio-destudis-cades\\\/#primaryimage\",\"url\":\"https:\\\/\\\/www.conservatoridansaalcoi.com\\\/wp-content\\\/uploads\\\/2021\\\/01\\\/cades_1.jpg\",\"contentUrl\":\"https:\\\/\\\/www.conservatoridansaalcoi.com\\\/wp-content\\\/uploads\\\/2021\\\/01\\\/cades_1.jpg\"},{\"@type\":\"BreadcrumbList\",\"@id\":\"https:\\\/\\\/www.conservatoridansaalcoi.com\\\/va\\\/cursos-dampliacio-destudis-cades\\\/#breadcrumb\",\"itemListElement\":[{\"@type\":\"ListItem\",\"position\":1,\"name\":\"Home\",\"item\":\"https:\\\/\\\/www.conservatoridansaalcoi.com\\\/va\\\/\"},{\"@type\":\"ListItem\",\"position\":2,\"name\":\"Cursos d&#8217;ampliaci\u00f3 d&#8217;estudis \u2013 CADES\"}]},{\"@type\":\"WebSite\",\"@id\":\"https:\\\/\\\/www.conservatoridansaalcoi.com\\\/va\\\/#website\",\"url\":\"https:\\\/\\\/www.conservatoridansaalcoi.com\\\/va\\\/\",\"name\":\"Conservatorio de Danza\",\"description\":\"La danza es el \u00fanico arte en el que nosotros mismos somos el material del que el arte est\u00e1 hecho.\",\"publisher\":{\"@id\":\"https:\\\/\\\/www.conservatoridansaalcoi.com\\\/va\\\/#organization\"},\"potentialAction\":[{\"@type\":\"SearchAction\",\"target\":{\"@type\":\"EntryPoint\",\"urlTemplate\":\"https:\\\/\\\/www.conservatoridansaalcoi.com\\\/va\\\/?s={search_term_string}\"},\"query-input\":{\"@type\":\"PropertyValueSpecification\",\"valueRequired\":true,\"valueName\":\"search_term_string\"}}],\"inLanguage\":\"es-VA\"},{\"@type\":\"Organization\",\"@id\":\"https:\\\/\\\/www.conservatoridansaalcoi.com\\\/va\\\/#organization\",\"name\":\"Conservatorio de Danza\",\"url\":\"https:\\\/\\\/www.conservatoridansaalcoi.com\\\/va\\\/\",\"logo\":{\"@type\":\"ImageObject\",\"inLanguage\":\"es-VA\",\"@id\":\"https:\\\/\\\/www.conservatoridansaalcoi.com\\\/va\\\/#\\\/schema\\\/logo\\\/image\\\/\",\"url\":\"https:\\\/\\\/www.conservatoridansaalcoi.com\\\/wp-content\\\/uploads\\\/2020\\\/08\\\/logo-conservatorio-danza-h.svg\",\"contentUrl\":\"https:\\\/\\\/www.conservatoridansaalcoi.com\\\/wp-content\\\/uploads\\\/2020\\\/08\\\/logo-conservatorio-danza-h.svg\",\"width\":1,\"height\":1,\"caption\":\"Conservatorio de Danza\"},\"image\":{\"@id\":\"https:\\\/\\\/www.conservatoridansaalcoi.com\\\/va\\\/#\\\/schema\\\/logo\\\/image\\\/\"}}]}<\/script>\n<!-- \/ Yoast SEO plugin. -->","yoast_head_json":{"title":"Cursos d'ampliaci\u00f3 d'estudis \u2013 CADES - Conservatorio de Danza","robots":{"index":"index","follow":"follow","max-snippet":"max-snippet:-1","max-image-preview":"max-image-preview:large","max-video-preview":"max-video-preview:-1"},"canonical":"https:\/\/www.conservatoridansaalcoi.com\/va\/cursos-dampliacio-destudis-cades\/","og_locale":"es_ES","og_type":"article","og_title":"Cursos d'ampliaci\u00f3 d'estudis \u2013 CADES - Conservatorio de Danza","og_description":"Qu\u00e8 s\u00f3n? Els Cursos d\u2019Ampliaci\u00f3 d\u2019Estudis s\u00f3n un itinerari de cursos dissenyats per a continuar amb l\u2019aprenentatge de la Dansa i la seua especialitzaci\u00f3, una vegada superats els seus estudis en Ensenyaments Elementals, obtenci\u00f3 directa o haver superat l\u2019edat compresa per a cursar els Ensenyaments Elementals (12 anys). L\u2019alumnat dels cursos d\u2019ampliaci\u00f3 d\u2019estudis participa directament [&hellip;]","og_url":"https:\/\/www.conservatoridansaalcoi.com\/va\/cursos-dampliacio-destudis-cades\/","og_site_name":"Conservatorio de Danza","article_modified_time":"2021-03-15T10:57:30+00:00","og_image":[{"url":"https:\/\/www.conservatoridansaalcoi.com\/wp-content\/uploads\/2021\/01\/cades_1.jpg","type":"","width":"","height":""}],"twitter_card":"summary_large_image","twitter_misc":{"Est. reading time":"2 minutes"},"schema":{"@context":"https:\/\/schema.org","@graph":[{"@type":"WebPage","@id":"https:\/\/www.conservatoridansaalcoi.com\/va\/cursos-dampliacio-destudis-cades\/","url":"https:\/\/www.conservatoridansaalcoi.com\/va\/cursos-dampliacio-destudis-cades\/","name":"Cursos d'ampliaci\u00f3 d'estudis \u2013 CADES - Conservatorio de Danza","isPartOf":{"@id":"https:\/\/www.conservatoridansaalcoi.com\/va\/#website"},"primaryImageOfPage":{"@id":"https:\/\/www.conservatoridansaalcoi.com\/va\/cursos-dampliacio-destudis-cades\/#primaryimage"},"image":{"@id":"https:\/\/www.conservatoridansaalcoi.com\/va\/cursos-dampliacio-destudis-cades\/#primaryimage"},"thumbnailUrl":"https:\/\/www.conservatoridansaalcoi.com\/wp-content\/uploads\/2021\/01\/cades_1.jpg","datePublished":"2021-01-08T11:46:35+00:00","dateModified":"2021-03-15T10:57:30+00:00","breadcrumb":{"@id":"https:\/\/www.conservatoridansaalcoi.com\/va\/cursos-dampliacio-destudis-cades\/#breadcrumb"},"inLanguage":"es-VA","potentialAction":[{"@type":"ReadAction","target":["https:\/\/www.conservatoridansaalcoi.com\/va\/cursos-dampliacio-destudis-cades\/"]}]},{"@type":"ImageObject","inLanguage":"es-VA","@id":"https:\/\/www.conservatoridansaalcoi.com\/va\/cursos-dampliacio-destudis-cades\/#primaryimage","url":"https:\/\/www.conservatoridansaalcoi.com\/wp-content\/uploads\/2021\/01\/cades_1.jpg","contentUrl":"https:\/\/www.conservatoridansaalcoi.com\/wp-content\/uploads\/2021\/01\/cades_1.jpg"},{"@type":"BreadcrumbList","@id":"https:\/\/www.conservatoridansaalcoi.com\/va\/cursos-dampliacio-destudis-cades\/#breadcrumb","itemListElement":[{"@type":"ListItem","position":1,"name":"Home","item":"https:\/\/www.conservatoridansaalcoi.com\/va\/"},{"@type":"ListItem","position":2,"name":"Cursos d&#8217;ampliaci\u00f3 d&#8217;estudis \u2013 CADES"}]},{"@type":"WebSite","@id":"https:\/\/www.conservatoridansaalcoi.com\/va\/#website","url":"https:\/\/www.conservatoridansaalcoi.com\/va\/","name":"Conservatorio de Danza","description":"La danza es el \u00fanico arte en el que nosotros mismos somos el material del que el arte est\u00e1 hecho.","publisher":{"@id":"https:\/\/www.conservatoridansaalcoi.com\/va\/#organization"},"potentialAction":[{"@type":"SearchAction","target":{"@type":"EntryPoint","urlTemplate":"https:\/\/www.conservatoridansaalcoi.com\/va\/?s={search_term_string}"},"query-input":{"@type":"PropertyValueSpecification","valueRequired":true,"valueName":"search_term_string"}}],"inLanguage":"es-VA"},{"@type":"Organization","@id":"https:\/\/www.conservatoridansaalcoi.com\/va\/#organization","name":"Conservatorio de Danza","url":"https:\/\/www.conservatoridansaalcoi.com\/va\/","logo":{"@type":"ImageObject","inLanguage":"es-VA","@id":"https:\/\/www.conservatoridansaalcoi.com\/va\/#\/schema\/logo\/image\/","url":"https:\/\/www.conservatoridansaalcoi.com\/wp-content\/uploads\/2020\/08\/logo-conservatorio-danza-h.svg","contentUrl":"https:\/\/www.conservatoridansaalcoi.com\/wp-content\/uploads\/2020\/08\/logo-conservatorio-danza-h.svg","width":1,"height":1,"caption":"Conservatorio de Danza"},"image":{"@id":"https:\/\/www.conservatoridansaalcoi.com\/va\/#\/schema\/logo\/image\/"}}]}},"_links":{"self":[{"href":"https:\/\/www.conservatoridansaalcoi.com\/va\/wp-json\/wp\/v2\/pages\/1423","targetHints":{"allow":["GET"]}}],"collection":[{"href":"https:\/\/www.conservatoridansaalcoi.com\/va\/wp-json\/wp\/v2\/pages"}],"about":[{"href":"https:\/\/www.conservatoridansaalcoi.com\/va\/wp-json\/wp\/v2\/types\/page"}],"author":[{"embeddable":true,"href":"https:\/\/www.conservatoridansaalcoi.com\/va\/wp-json\/wp\/v2\/users\/1"}],"replies":[{"embeddable":true,"href":"https:\/\/www.conservatoridansaalcoi.com\/va\/wp-json\/wp\/v2\/comments?post=1423"}],"version-history":[{"count":8,"href":"https:\/\/www.conservatoridansaalcoi.com\/va\/wp-json\/wp\/v2\/pages\/1423\/revisions"}],"predecessor-version":[{"id":3254,"href":"https:\/\/www.conservatoridansaalcoi.com\/va\/wp-json\/wp\/v2\/pages\/1423\/revisions\/3254"}],"wp:attachment":[{"href":"https:\/\/www.conservatoridansaalcoi.com\/va\/wp-json\/wp\/v2\/media?parent=1423"}],"curies":[{"name":"wp","href":"https:\/\/api.w.org\/{rel}","templated":true}]}}